{"id":341,"date":"2015-12-10T08:24:48","date_gmt":"2015-12-10T07:24:48","guid":{"rendered":"https:\/\/www.camping-lesedour.com\/nl\/vente-mobil-home-ariege\/"},"modified":"2024-01-11T15:08:25","modified_gmt":"2024-01-11T14:08:25","slug":"wordt-eigenaar-mobil-home-ariege","status":"publish","type":"page","link":"https:\/\/www.camping-lesedour.com\/nl\/wordt-eigenaar-mobil-home-ariege\/","title":{"rendered":"Verkoop van mobil-home op camping le s\u00e9dour te Surba vlakbij Tarascon sur Ari\u00e8ge, in de midi-pyr\u00e9n\u00e9es"},"content":{"rendered":"<section id=\"section-5f6b51e6d8b51\"\" class=\"section bg-color3\" \/><div class=\"container\"><h1 class=\"element section-title center\">Een stacaravan kopen op camping le Sedour<\/h1><\/div><\/section>\n\n<section id=\"section-5f6b51e6d8ffe\"\" class=\"section bg-white p-t-0\" \/><div class=\"container extralarge\"><div class=\"colonnes-wrap valign-top \"><div class=\"element colonne w-40 p-0\"><div class=\"element images\"><div class=\"image\"><img decoding=\"async\" src=\"https:\/\/www.camping-lesedour.com\/wp-content\/uploads\/2024\/01\/camping-le-sedour-proprietaire-70x100.jpg\" data-src=\"https:\/\/www.camping-lesedour.com\/wp-content\/uploads\/2024\/01\/camping-le-sedour-proprietaire.jpg\" alt=\"camping proprietaire ariege\" class=\"images_image\" \/><\/div><\/div><\/div><div class=\"element colonne w-60 p-4\"><div class=\"element bloc-text justify \">\n\t<p>Bent u op zoek naar een stacaravan om te kopen? U wilt <strong class=\"bold color1\">uw eigen stacaravan<\/strong> kopen in een <a href=\"\/nl\/\">camping in de Ari\u00e8ge<\/a> in de buurt van Tarascon-sur-Ari\u00e8ge?<\/p>\n<p>Koop uw eigen stacaravan, en profiteer van <strong class=\"bold color1\">100% van de diensten<\/strong> en infrastructuren van de camping.<\/p>\n<p>De aankoop van een stacaravan in ons openluchthotel geeft u de mogelijkheid om een volledig uitgeruste <strong class=\"bold color1\">vakantiehuis<\/strong> tegen een betaalbare prijs in de <strong class=\"bold color1\">Parc Naturel R\u00e9gional des Pyr\u00e9n\u00e9es ari\u00e9geoises<\/strong> te hebben.<\/p>\n<p>De camping Le S\u00e9dour heeft een reeks nieuwe stacaravans te koop voor toekomstige eigenaren. Met onze camping in de Ari\u00e8ge heeft u een grote keuze aan stacaravans te koop voor alle budgetten, en <strong class=\"bold color1\">volgens uw wensen<\/strong>.<\/p>\n<p>Grijp uw kans, en aarzel niet om uw <strong class=\"bold color1\">seconde huis<\/strong> te kopen. Wij stellen u een kant-en-klaar aanbod voor. Wij zorgen voor alles: <strong class=\"bold color1\">aankoop van uw stacaravan<\/strong>, water, elektriciteit en sanitaire aansluitingen.<\/p>\n<p>Het enige wat u nu nog hoeft te doen is uw <strong class=\"bold color1\">futur mobile-home<\/strong> in te richten en te <strong class=\"bold color1\">profiteren van de geneugten die het leven op een camping<\/strong> biedt. <\/p>\n<\/div><\/div><\/div><\/div><\/section>\n\n<section id=\"section-5f6b51e6d970e\"\" class=\"section bg-color3\" \/><div class=\"container full\"><div class=\"colonnes-wrap valign-middle \"><div class=\"element colonne w-60 p-0\"><div class=\"element images\"><div class=\"image\"><img decoding=\"async\" src=\"https:\/\/www.camping-lesedour.com\/wp-content\/uploads\/2020\/09\/proprietaire-mobil-home-100x80.jpg\" data-src=\"https:\/\/www.camping-lesedour.com\/wp-content\/uploads\/2020\/09\/proprietaire-mobil-home.jpg\" alt=\"proprietaire mobil-home\" class=\"images_image\" \/><\/div><div class=\"image\"><img decoding=\"async\" src=\"https:\/\/www.camping-lesedour.com\/wp-content\/uploads\/2020\/09\/vente-mobil-home-ariege-100x80.jpg\" data-src=\"https:\/\/www.camping-lesedour.com\/wp-content\/uploads\/2020\/09\/vente-mobil-home-ariege.jpg\" alt=\"vente mobil-home ariege\" class=\"images_image\" \/><\/div><\/div><div class=\"element images\"><div class=\"image\"><img decoding=\"async\" src=\"https:\/\/www.camping-lesedour.com\/wp-content\/uploads\/2020\/09\/achat-interieur-mobil-home-100x80.jpg\" data-src=\"https:\/\/www.camping-lesedour.com\/wp-content\/uploads\/2020\/09\/achat-interieur-mobil-home.jpg\" alt=\"achat interieur mobil-home\" class=\"images_image\" \/><\/div><div class=\"image\"><img decoding=\"async\" src=\"https:\/\/www.camping-lesedour.com\/wp-content\/uploads\/2024\/01\/camping-le-sedour-neige-100x81.jpg\" data-src=\"https:\/\/www.camping-lesedour.com\/wp-content\/uploads\/2024\/01\/camping-le-sedour-neige.jpg\" alt=\"proprietaire en camping\" class=\"images_image\" \/><\/div><\/div><\/div><div class=\"element colonne p-8 w-40\"><h2 class=\"element section-title justify\">Wat moet ik weten voordat ik een stacaravan koop?<\/h2><div class=\"element bloc-text justify \">\n\t<p>U kiest uit de percelen van camping Le S\u00e9dour de percelen die het best bij u passen. De oppervlakte van onze tweedehands <strong class=\"bold color1\">stacaravans<\/strong> varieert tussen 29 en 36,5 m2.<\/p>\n<p>Wij raden u aan om direct naar de camping te gaan en de beschikbare percelen en stacaravans te bekijken. Ons doel is om u de <strong class=\"bold color1\">meer comfort<\/strong> en tevredenheid te garanderen bij de aankoop van uw stacaravan.<\/p>\n<p>Hier zijn de <strong class=\"bold color1\">goedgekeurde vragen<\/strong> en praktische informatie voor het kopen van een stacaravan:<\/p>\n<ul>\n<li><strong class=\"bold color1\">Welk nut<\/strong> wilt u hebben van uw toekomstige stacaravan? Bent u van plan om er enkele weken of maanden te blijven? Bent u van plan om het te verhuren om inkomsten te ontvangen?<\/li>\n<li><strong class=\"bold color1\">De afmetingen<\/strong> van uw stacaravan waarmee rekening moet worden gehouden<\/li>\n<li><strong class=\"bold color1\">Aantal kamers<\/strong><\/li>\n<li>Vragen met betrekking tot <strong class=\"bold color1\">veiligheid en onderhoud<\/strong> van uw stacaravan<\/li>\n<li>Kies de <strong class=\"bold color1\">ideale kampeerplaats op de camping<\/strong> : u heeft de keuze tussen verschillende stacaravanplaatsen, het is aan u om uw eigen mening te geven als toekomstige eigenaar.<\/li>\n<\/ul>\n<\/div><\/div><\/div><\/div><\/section>\n\n<section id=\"section-duplicate\"\" class=\"section bg-white p-t-0\" \/><div class=\"container extralarge\"><div class=\"colonnes-wrap valign-top \"><div class=\"element colonne w-60 p-4\"><h2 class=\"element section-title justify\">Een tweedehands stacaravan kopen<\/h2><div class=\"element bloc-text justify \">\n\t<p><strong class=\"bold color1\">Investeer<\/strong> in een tweedehands stacaravan in 4 stappen:<\/p>\n<ul>\n<li><strong class=\"bold color1\">Ga naar de camping<\/strong> om de tweedehands stacaravans en de beschikbare percelen te komen ontdekken.<\/li>\n<li><strong class=\"bold color1\">Werk uw aankoopproject<\/strong> uit door ons team te ontmoeten dat u zal begeleiden en adviseren bij uw aankoop. Wij stellen u vergelijkende aanbiedingen voor die gekoppeld zijn aan uw zoekcriteria en uw wensen.<\/li>\n<li><strong class=\"bold color1\">U komt de camping in zijn geheel ontdekken<\/strong>: de installaties, de infrastructuur, de diensten, de rust en niet te vergeten de omgeving.<\/li>\n<li>U heeft <strong class=\"bold color1\">alle informatie over uw aankoopproject<\/strong>, vanaf dat moment hoeft u alleen nog maar eigenaar te worden van uw eigen stacaravan.<\/li>\n<\/ul>\n<\/div><\/div><div class=\"element colonne w-40 p-0\"><div class=\"element images\"><div class=\"image\"><img decoding=\"async\" src=\"https:\/\/www.camping-lesedour.com\/wp-content\/uploads\/2020\/09\/achat-en-camping-ariege-92x100.jpg\" data-src=\"https:\/\/www.camping-lesedour.com\/wp-content\/uploads\/2020\/09\/achat-en-camping-ariege.jpg\" alt=\"achat en camping ariege\" class=\"images_image\" \/><\/div><\/div><\/div><\/div><\/div><\/section>\n\n<section id=\"section-cta-bas-page\"\" class=\"section bg-color3\" \/><div class=\"container extralarge\"><div class=\"element section-title center titre-cta\">De diensten en voorzieningen van de camping<\/div><ul class=\"liste-de-page\"><li class=\"element call-to-action center titre-cta call-to-action--style-1 call-to-action--normal\"><a href=\"https:\/\/www.camping-lesedour.com\/nl\/camping-ariege-tarieven\/\"  class=\"call-to-action_link\" title=\"Meer informatie over tarieven\"><div class=\"call-to-action_image\"><img decoding=\"async\" src=\"https:\/\/www.camping-lesedour.com\/wp-content\/uploads\/2020\/09\/tarifs-ariege-100x80.jpg\" data-src=\"https:\/\/www.camping-lesedour.com\/wp-content\/uploads\/2020\/09\/tarifs-ariege.jpg\" alt=\"tarifs ariege\" class=\"normal\" \/><\/div><div class=\"call-to-action_contenu\"><div class=\"call-to-action_titre\">Tarieven<\/div><div class=\"call-to-action_texte\">Om er meer over te weten<\/div><\/div><\/a><\/li><li class=\"element call-to-action  call-to-action--style-1 call-to-action--normal\"><a href=\"https:\/\/www.camping-lesedour.com\/nl\/kampeerplaatsen-camping-tarascon-ariege\/\"  class=\"call-to-action_link\" title=\"Meer informatie over de standplaatsen\"><div class=\"call-to-action_image\"><img decoding=\"async\" src=\"https:\/\/www.camping-lesedour.com\/wp-content\/uploads\/2020\/09\/camping-caravaning-ariege-100x80.jpg\" data-src=\"https:\/\/www.camping-lesedour.com\/wp-content\/uploads\/2020\/09\/camping-caravaning-ariege.jpg\" alt=\"camping caravaning ariege\" class=\"normal\" \/><\/div><div class=\"call-to-action_contenu\"><div class=\"call-to-action_titre\">De standplaatsen<\/div><div class=\"call-to-action_texte\">Om er meer over te weten<\/div><\/div><\/a><\/li><li class=\"element call-to-action  call-to-action--style-1 call-to-action--normal\"><a href=\"https:\/\/www.camping-lesedour.com\/nl\/verhuur-mobil-home-ariege\/\"  class=\"call-to-action_link\" title=\"Meer informatie over stacaravans\"><div class=\"call-to-action_image\"><img decoding=\"async\" src=\"https:\/\/www.camping-lesedour.com\/wp-content\/uploads\/2024\/01\/camping-le-sedour-ariege-100x80.jpg\" data-src=\"https:\/\/www.camping-lesedour.com\/wp-content\/uploads\/2024\/01\/camping-le-sedour-ariege.jpg\" alt=\"\" class=\"normal\" \/><\/div><div class=\"call-to-action_contenu\"><div class=\"call-to-action_titre\">Stacaravans<\/div><div class=\"call-to-action_texte\">Om er meer over te weten<\/div><\/div><\/a><\/li><\/ul><\/div><\/section>","protected":false},"excerpt":{"rendered":"","protected":false},"author":1,"featured_media":5424,"parent":0,"menu_order":0,"comment_status":"closed","ping_status":"closed","template":"","meta":{"_acf_changed":false,"footnotes":""},"class_list":["post-341","page","type-page","status-publish","has-post-thumbnail","hentry"],"acf":[],"yoast_head":"<!-- This site is optimized with the Yoast SEO plugin v25.3 - https:\/\/yoast.com\/wordpress\/plugins\/seo\/ -->\n<title>Koop uw mobil- home op camping le S\u00e9dour, in de Ari\u00e8ge Midi-pyr\u00e9n\u00e9es<\/title>\n<meta name=\"description\" content=\"Devenez propri\u00e9taire de votre r\u00e9sidence secondaire en Ari\u00e8ge. Calme et s\u00e9r\u00e9nit\u00e9, repos dans un parc bois\u00e9 d\u2019essences diversifi\u00e9es, le camping est ouvert \u00e0 l\u2019ann\u00e9e\" \/>\n<meta name=\"robots\" content=\"index, follow, max-snippet:-1, max-image-preview:large, max-video-preview:-1\" \/>\n<link rel=\"canonical\" href=\"https:\/\/www.camping-lesedour.com\/nl\/wordt-eigenaar-mobil-home-ariege\/\" \/>\n<meta property=\"og:locale\" content=\"nl_NL\" \/>\n<meta property=\"og:type\" content=\"article\" \/>\n<meta property=\"og:title\" content=\"Koop uw mobil- home op camping le S\u00e9dour, in de Ari\u00e8ge Midi-pyr\u00e9n\u00e9es\" \/>\n<meta property=\"og:description\" content=\"Devenez propri\u00e9taire de votre r\u00e9sidence secondaire en Ari\u00e8ge. Calme et s\u00e9r\u00e9nit\u00e9, repos dans un parc bois\u00e9 d\u2019essences diversifi\u00e9es, le camping est ouvert \u00e0 l\u2019ann\u00e9e\" \/>\n<meta property=\"og:url\" content=\"https:\/\/www.camping-lesedour.com\/nl\/wordt-eigenaar-mobil-home-ariege\/\" \/>\n<meta property=\"og:site_name\" content=\"Camping le S\u00e9dour\" \/>\n<meta property=\"article:modified_time\" content=\"2024-01-11T14:08:25+00:00\" \/>\n<meta property=\"og:image\" content=\"https:\/\/www.camping-lesedour.com\/wp-content\/uploads\/2024\/01\/camping-le-sedour-proprio.jpg\" \/>\n\t<meta property=\"og:image:width\" content=\"1903\" \/>\n\t<meta property=\"og:image:height\" content=\"550\" \/>\n\t<meta property=\"og:image:type\" content=\"image\/jpeg\" \/>\n<meta name=\"twitter:card\" content=\"summary_large_image\" \/>\n<script type=\"application\/ld+json\" class=\"yoast-schema-graph\">{\"@context\":\"https:\/\/schema.org\",\"@graph\":[{\"@type\":\"WebPage\",\"@id\":\"https:\/\/www.camping-lesedour.com\/nl\/wordt-eigenaar-mobil-home-ariege\/\",\"url\":\"https:\/\/www.camping-lesedour.com\/nl\/wordt-eigenaar-mobil-home-ariege\/\",\"name\":\"Koop uw mobil- home op camping le S\u00e9dour, in de Ari\u00e8ge Midi-pyr\u00e9n\u00e9es\",\"isPartOf\":{\"@id\":\"https:\/\/www.camping-lesedour.com\/nl\/#website\"},\"primaryImageOfPage\":{\"@id\":\"https:\/\/www.camping-lesedour.com\/nl\/wordt-eigenaar-mobil-home-ariege\/#primaryimage\"},\"image\":{\"@id\":\"https:\/\/www.camping-lesedour.com\/nl\/wordt-eigenaar-mobil-home-ariege\/#primaryimage\"},\"thumbnailUrl\":\"https:\/\/www.camping-lesedour.com\/wp-content\/uploads\/2024\/01\/camping-le-sedour-proprio.jpg\",\"datePublished\":\"2015-12-10T07:24:48+00:00\",\"dateModified\":\"2024-01-11T14:08:25+00:00\",\"description\":\"Devenez propri\u00e9taire de votre r\u00e9sidence secondaire en Ari\u00e8ge. Calme et s\u00e9r\u00e9nit\u00e9, repos dans un parc bois\u00e9 d\u2019essences diversifi\u00e9es, le camping est ouvert \u00e0 l\u2019ann\u00e9e\",\"breadcrumb\":{\"@id\":\"https:\/\/www.camping-lesedour.com\/nl\/wordt-eigenaar-mobil-home-ariege\/#breadcrumb\"},\"inLanguage\":\"nl-NL\",\"potentialAction\":[{\"@type\":\"ReadAction\",\"target\":[\"https:\/\/www.camping-lesedour.com\/nl\/wordt-eigenaar-mobil-home-ariege\/\"]}]},{\"@type\":\"ImageObject\",\"inLanguage\":\"nl-NL\",\"@id\":\"https:\/\/www.camping-lesedour.com\/nl\/wordt-eigenaar-mobil-home-ariege\/#primaryimage\",\"url\":\"https:\/\/www.camping-lesedour.com\/wp-content\/uploads\/2024\/01\/camping-le-sedour-proprio.jpg\",\"contentUrl\":\"https:\/\/www.camping-lesedour.com\/wp-content\/uploads\/2024\/01\/camping-le-sedour-proprio.jpg\",\"width\":1903,\"height\":550},{\"@type\":\"BreadcrumbList\",\"@id\":\"https:\/\/www.camping-lesedour.com\/nl\/wordt-eigenaar-mobil-home-ariege\/#breadcrumb\",\"itemListElement\":[{\"@type\":\"ListItem\",\"position\":1,\"name\":\"Kamperen Ariege\",\"item\":\"https:\/\/www.camping-lesedour.com\/nl\/\"},{\"@type\":\"ListItem\",\"position\":2,\"name\":\"Wordt eigenaar\"}]},{\"@type\":\"WebSite\",\"@id\":\"https:\/\/www.camping-lesedour.com\/nl\/#website\",\"url\":\"https:\/\/www.camping-lesedour.com\/nl\/\",\"name\":\"Camping le S\u00e9dour\",\"description\":\"\",\"potentialAction\":[{\"@type\":\"SearchAction\",\"target\":{\"@type\":\"EntryPoint\",\"urlTemplate\":\"https:\/\/www.camping-lesedour.com\/nl\/?s={search_term_string}\"},\"query-input\":{\"@type\":\"PropertyValueSpecification\",\"valueRequired\":true,\"valueName\":\"search_term_string\"}}],\"inLanguage\":\"nl-NL\"}]}<\/script>\n<!-- \/ Yoast SEO plugin. -->","yoast_head_json":{"title":"Koop uw mobil- home op camping le S\u00e9dour, in de Ari\u00e8ge Midi-pyr\u00e9n\u00e9es","description":"Devenez propri\u00e9taire de votre r\u00e9sidence secondaire en Ari\u00e8ge. Calme et s\u00e9r\u00e9nit\u00e9, repos dans un parc bois\u00e9 d\u2019essences diversifi\u00e9es, le camping est ouvert \u00e0 l\u2019ann\u00e9e","robots":{"index":"index","follow":"follow","max-snippet":"max-snippet:-1","max-image-preview":"max-image-preview:large","max-video-preview":"max-video-preview:-1"},"canonical":"https:\/\/www.camping-lesedour.com\/nl\/wordt-eigenaar-mobil-home-ariege\/","og_locale":"nl_NL","og_type":"article","og_title":"Koop uw mobil- home op camping le S\u00e9dour, in de Ari\u00e8ge Midi-pyr\u00e9n\u00e9es","og_description":"Devenez propri\u00e9taire de votre r\u00e9sidence secondaire en Ari\u00e8ge. Calme et s\u00e9r\u00e9nit\u00e9, repos dans un parc bois\u00e9 d\u2019essences diversifi\u00e9es, le camping est ouvert \u00e0 l\u2019ann\u00e9e","og_url":"https:\/\/www.camping-lesedour.com\/nl\/wordt-eigenaar-mobil-home-ariege\/","og_site_name":"Camping le S\u00e9dour","article_modified_time":"2024-01-11T14:08:25+00:00","og_image":[{"width":1903,"height":550,"url":"https:\/\/www.camping-lesedour.com\/wp-content\/uploads\/2024\/01\/camping-le-sedour-proprio.jpg","type":"image\/jpeg"}],"twitter_card":"summary_large_image","schema":{"@context":"https:\/\/schema.org","@graph":[{"@type":"WebPage","@id":"https:\/\/www.camping-lesedour.com\/nl\/wordt-eigenaar-mobil-home-ariege\/","url":"https:\/\/www.camping-lesedour.com\/nl\/wordt-eigenaar-mobil-home-ariege\/","name":"Koop uw mobil- home op camping le S\u00e9dour, in de Ari\u00e8ge Midi-pyr\u00e9n\u00e9es","isPartOf":{"@id":"https:\/\/www.camping-lesedour.com\/nl\/#website"},"primaryImageOfPage":{"@id":"https:\/\/www.camping-lesedour.com\/nl\/wordt-eigenaar-mobil-home-ariege\/#primaryimage"},"image":{"@id":"https:\/\/www.camping-lesedour.com\/nl\/wordt-eigenaar-mobil-home-ariege\/#primaryimage"},"thumbnailUrl":"https:\/\/www.camping-lesedour.com\/wp-content\/uploads\/2024\/01\/camping-le-sedour-proprio.jpg","datePublished":"2015-12-10T07:24:48+00:00","dateModified":"2024-01-11T14:08:25+00:00","description":"Devenez propri\u00e9taire de votre r\u00e9sidence secondaire en Ari\u00e8ge. Calme et s\u00e9r\u00e9nit\u00e9, repos dans un parc bois\u00e9 d\u2019essences diversifi\u00e9es, le camping est ouvert \u00e0 l\u2019ann\u00e9e","breadcrumb":{"@id":"https:\/\/www.camping-lesedour.com\/nl\/wordt-eigenaar-mobil-home-ariege\/#breadcrumb"},"inLanguage":"nl-NL","potentialAction":[{"@type":"ReadAction","target":["https:\/\/www.camping-lesedour.com\/nl\/wordt-eigenaar-mobil-home-ariege\/"]}]},{"@type":"ImageObject","inLanguage":"nl-NL","@id":"https:\/\/www.camping-lesedour.com\/nl\/wordt-eigenaar-mobil-home-ariege\/#primaryimage","url":"https:\/\/www.camping-lesedour.com\/wp-content\/uploads\/2024\/01\/camping-le-sedour-proprio.jpg","contentUrl":"https:\/\/www.camping-lesedour.com\/wp-content\/uploads\/2024\/01\/camping-le-sedour-proprio.jpg","width":1903,"height":550},{"@type":"BreadcrumbList","@id":"https:\/\/www.camping-lesedour.com\/nl\/wordt-eigenaar-mobil-home-ariege\/#breadcrumb","itemListElement":[{"@type":"ListItem","position":1,"name":"Kamperen Ariege","item":"https:\/\/www.camping-lesedour.com\/nl\/"},{"@type":"ListItem","position":2,"name":"Wordt eigenaar"}]},{"@type":"WebSite","@id":"https:\/\/www.camping-lesedour.com\/nl\/#website","url":"https:\/\/www.camping-lesedour.com\/nl\/","name":"Camping le S\u00e9dour","description":"","potentialAction":[{"@type":"SearchAction","target":{"@type":"EntryPoint","urlTemplate":"https:\/\/www.camping-lesedour.com\/nl\/?s={search_term_string}"},"query-input":{"@type":"PropertyValueSpecification","valueRequired":true,"valueName":"search_term_string"}}],"inLanguage":"nl-NL"}]}},"_links":{"self":[{"href":"https:\/\/www.camping-lesedour.com\/nl\/wp-json\/wp\/v2\/pages\/341"}],"collection":[{"href":"https:\/\/www.camping-lesedour.com\/nl\/wp-json\/wp\/v2\/pages"}],"about":[{"href":"https:\/\/www.camping-lesedour.com\/nl\/wp-json\/wp\/v2\/types\/page"}],"author":[{"embeddable":true,"href":"https:\/\/www.camping-lesedour.com\/nl\/wp-json\/wp\/v2\/users\/1"}],"replies":[{"embeddable":true,"href":"https:\/\/www.camping-lesedour.com\/nl\/wp-json\/wp\/v2\/comments?post=341"}],"version-history":[{"count":9,"href":"https:\/\/www.camping-lesedour.com\/nl\/wp-json\/wp\/v2\/pages\/341\/revisions"}],"predecessor-version":[{"id":5515,"href":"https:\/\/www.camping-lesedour.com\/nl\/wp-json\/wp\/v2\/pages\/341\/revisions\/5515"}],"wp:featuredmedia":[{"embeddable":true,"href":"https:\/\/www.camping-lesedour.com\/nl\/wp-json\/wp\/v2\/media\/5424"}],"wp:attachment":[{"href":"https:\/\/www.camping-lesedour.com\/nl\/wp-json\/wp\/v2\/media?parent=341"}],"curies":[{"name":"wp","href":"https:\/\/api.w.org\/{rel}","templated":true}]}}